{"id":4521,"date":"2017-07-07T14:44:36","date_gmt":"2017-07-07T12:44:36","guid":{"rendered":"http:\/\/www.hah.hr\/?page_id=4521"},"modified":"2017-10-13T08:19:30","modified_gmt":"2017-10-13T06:19:30","slug":"program","status":"publish","type":"page","link":"https:\/\/www.hah.hr\/en\/konferencija-2017\/program\/","title":{"rendered":"Draft Agenda"},"content":{"rendered":"<p><\/p>\n<div id=\"dan-jedan\">\n<div class=\"row bg-headline\"><strong>Aula Magna, Faculty of Agriculture in Osijek<\/strong><\/div>\n<div class=\"row bg-headline\"><strong>DAY 1 Monday, 16th October 2017<\/strong><\/div>\n<div class=\"row bold-row ikona registracija\">\n<div class=\"col-1\">09:00 \u2013 10:00<\/div>\n<div class=\"col-2\">REGISTRATION<\/div>\n<\/div>\n<div class=\"row bold-row bg-row\">\n<div class=\"col-1\">10:00 \u2013 10:30<\/div>\n<div class=\"col-2\">OPENING WORDS<\/div>\n<div class=\"row vremena\">\n<div class=\"col-1 hidden\">10:00 &#8211; 10:30<\/div>\n<div class=\"col-2\">\n<ul>\n<li style=\"list-style-type: none;\">\n<ul>\n<li>National anthem, Vocal Ensemble\u00a0BREVIS<\/li>\n<li><strong>Andrea Gross Bo\u0161kovi\u0107,<\/strong> Director of the Croatian Food Agency (HAH)<\/li>\n<li><strong>Krunoslav Zmai\u0107,<\/strong> dean of Faculty of Agriculture Osijek<\/li>\n<li><strong>Boris Pili\u017eota,<\/strong> deputy mayor of City of Osijek<\/li>\n<li><strong>Ivan Anu\u0161i\u0107,<\/strong> County Prefect of the Osijek Baranja County<\/li>\n<li><strong>Message of the FAO Director General Jos\u00e9 Graziano da Silva on the occasion of the World Food Day 2017<\/strong><br \/>\n<strong>Katalin Ludvig,<\/strong> Rural Development Consultant, FAO Regional Office for Europe and Central Asia<\/li>\n<li><strong>Stef Bronzwaer,<\/strong> Head of Advisory Forum &amp; Scientific Cooperation Unit, European Food Safety Authority (EFSA)<\/li>\n<li><strong>Vera Katalini\u0107-Jankovi\u0107,<\/strong> Assistant Minister, Ministry of Health<\/li>\n<li><strong>Tomislav Tolu\u0161i\u0107,<\/strong> Minister, Ministry of Agriculture<\/li>\n<\/ul>\n<\/li>\n<\/ul>\n<\/div>\n<\/div>\n<\/div>\n<div class=\"row bold-row ikona kava\">\n<div class=\"col-1\">10:30 \u2013 11:00<\/div>\n<div class=\"col-2\">COFFEE AND TEA BREAK \/ PRESS STATEMENTS<\/div>\n<\/div>\n<div class=\"row-banner\"><img loading=\"lazy\" class=\"aligncenter size-medium wp-image-4636\" src=\"https:\/\/www.hah.hr\/wp-content\/uploads\/2017\/07\/banner-agenda-17-en-620x190.png\" alt=\"World Food Day 2017\" width=\"620\" height=\"190\" srcset=\"https:\/\/www.hah.hr\/wp-content\/uploads\/2017\/07\/banner-agenda-17-en-620x190.png 620w, https:\/\/www.hah.hr\/wp-content\/uploads\/2017\/07\/banner-agenda-17-en-600x184.png 600w, https:\/\/www.hah.hr\/wp-content\/uploads\/2017\/07\/banner-agenda-17-en.png 653w\" sizes=\"(max-width: 620px) 100vw, 620px\" \/><\/div>\n<div class=\"row bold-row bg-row bojanka-1\">\n<div class=\"col-1 bojanka-1\">11:00 &#8211; 13:30<\/div>\n<div class=\"col-2 bojanka-1\">MARKING THE WORLD FOOD DAY 2017<br \/>\n<strong class=\"hard-bijelo\">Moderators:<\/strong> <span style=\"font-weight: normal\">Danijela Stra\u017eanac. M.Sc., HAH<\/span><br \/>\n<span style=\"font-weight: normal; margin-left: 18%;\">Martina Jurkovi\u0107, M.Sc., HAH<\/span><\/div>\n<\/div>\n<div class=\"row bojanka-2\">\n<div class=\"col-1 bold-row\">11:00 &#8211; 11:25<\/div>\n<div class=\"col-2\"><a href=\"https:\/\/www.hah.hr\/en\/konferencija-2017\/program\/promijenimo-buducnost-migracija-ulazimo-u-prehrambenu-sigurnost-i-ruralni-razvoj\/\" target=\"_blank\" rel=\"noopener noreferrer\"><strong class=\"hard-bijelo\">Change the future of migration. Invest in food security and rural development<\/strong><\/a><br \/>\n<em>Katalin Ludvig, M.Sc., Rural Development Specialist, FAO Regional Office for Europe and Central Asia, Budapest, Hungary<\/em><\/div>\n<\/div>\n<div class=\"row bojanka-1\">\n<div class=\"col-1 bold-row\">11:25 &#8211; 11:50<\/div>\n<div class=\"col-2\"><a href=\"https:\/\/www.hah.hr\/en\/konferencija-2017\/program\/utjecaj-mjera-ruralnog-razvoja-na-prehrambenu-sigurnost\/\" target=\"_blanK\"><strong class=\"hard-bijelo\">Impact of rural development measures on food security<\/strong><\/a><br \/>\n<em>Kre\u0161imir Ivan\u010di\u0107, M.Sc., Assistant Minister, Ministry of Agriculture, Zagreb, Croatia<\/em><\/div>\n<\/div>\n<div class=\"row bojanka-2\">\n<div class=\"col-1 bold-row\">11:50 &#8211; 12:15<\/div>\n<div class=\"col-2\"><a href=\"https:\/\/www.hah.hr\/en\/konferencija-2017\/program\/uloga-savjetodavne-sluzbe-u-sprecavanju-sirenja-zlatne-zutice-vinove-loze\/\" target=\"_blank\" rel=\"noopener noreferrer\"><strong class=\"hard-bijelo\">The role of Advisory Services in the prevention of growth of Grapevine flavescence doree<\/strong><\/a><br \/>\n<em>Zdravko Tu\u0161ek, MBc Crop production, Director general, Croatian Advisory service, Zagreb, Croatia<\/em><\/div>\n<\/div>\n<div class=\"row bojanka-1\">\n<div class=\"col-1 bold-row\">12:15 &#8211; 12:40<\/div>\n<div class=\"col-2\"><a href=\"https:\/\/www.hah.hr\/konferencija-2017\/program\/globalizacija-migracija-i-njihov-odraz-na-hrvatsku-i-eu\/\" target=\"_blank\" rel=\"noopener noreferrer\"><strong class=\"hard-bijelo\">Globalization of migration and their reflection on Croatia and the EU<\/strong><\/a><br \/>\n<em>An\u0111elko Milardovi\u0107, PhD, Research Adviser, Institute for Migration and Ethnic Studies, Zagreb, Croatia<\/em><\/div>\n<\/div>\n<div class=\"row bojanka-2\">\n<div class=\"col-1 bold-row\">12:40 &#8211; 13:05<\/div>\n<div class=\"col-2\"><a href=\"https:\/\/www.hah.hr\/en\/konferencija-2017\/program\/istrazivanje-i-suradnja-eu-risk-assessment-agenda\/\" target=\"_blank\" rel=\"noopener noreferrer\"><strong class=\"hard-bijelo\">EU Risk Assessment Agenda -Research and collaboration<\/strong><\/a><br \/>\n<em>Stef Bronzwaer, MD, MPH, PhD, European Food Safety Authority (EFSA), Parma, Italy<\/em><\/div>\n<\/div>\n<div class=\"row bojanka-1\">\n<div class=\"col-1 bold-row\">13:05 &#8211; 13:30<\/div>\n<div class=\"col-2 bold-row\"><strong class=\"hard-bijelo\">DISCUSSION AND CONCLUSIONS OF WORLD FOOD DAY 2017<\/strong><\/div>\n<\/div>\n<div class=\"row bold-row ikona rucak\">\n<div class=\"col-1\">13:30 \u2013 14:30<\/div>\n<div class=\"col-2\">LUNCH<\/div>\n<\/div>\n<div class=\"row bold-row bg-row\">\n<div class=\"col-1\">14:30 &#8211; 17:00<\/div>\n<div class=\"col-2\"><strong class=\"hard-bijelo\">ROUND TABLE &#8211; GM FOOD: RISK ANALYSIS- NATIONALLY AND GLOBALLY<\/strong><br \/>\nModerator: <strong class=\"hard-bijelo\">Mislav Togonal<\/strong><\/div>\n<\/div>\n<div class=\"row\">\n<div class=\"col-1 bold-row\">14:30 &#8211; 14:40<\/div>\n<div class=\"col-2\"><a href=\"https:\/\/www.hah.hr\/en\/konferencija-2017\/program\/percepcija-i-stavovi-potrosaca-na-podrucju-republike-hrvatske-vezano-za-problematiku-gm-hrane\/\" target=\"_blank\" rel=\"noopener noreferrer\"><strong>Perception and attitudes of the consumers in the Republic of Croatia related to the GMO issues<\/strong><\/a><br \/>\n<em>Andrea Gross-Bo\u0161kovi\u0107, M.Sc., Croatian Food Agency, Osijek, Croatia<\/em><\/div>\n<\/div>\n<div class=\"row\">\n<div class=\"col-1 bold-row\">14:40 &#8211; 15:10<\/div>\n<div class=\"col-2\"><a href=\"https:\/\/www.hah.hr\/en\/konferencija-2017\/program\/strategije-i-izazovi-upravljanja-rizikom-u-podrucju-gm-hrane\/\" target=\"_blank\" rel=\"noopener noreferrer\"><strong>Strategies and challenges of risk management in the field of GMO food<\/strong><\/a><br \/>\n<em>Valentina Zoreti\u0107-Rubes, M.Sc., Ministry of Health, Zagreb, Croatia<\/em><\/div>\n<\/div>\n<div class=\"row\">\n<div class=\"col-1 bold-row\">15:10 &#8211; 15:30<\/div>\n<div class=\"col-2\"><a href=\"https:\/\/www.hah.hr\/en\/konferencija-2017\/program\/trenutno-stanje-i-upravljanje-rizikom-u-podrucju-gm-hrane-perspektiva-ministarstva-poljoprivrede\/\" target=\"_blank\" rel=\"noopener noreferrer\"><strong>Current state and risk management in the area of GM food &#8211; Ministry of Agriculture perspective<\/strong><\/a><br \/>\n<em>Jelena \u0110ugum, PhD, Ministry of Agriculture, Zagreb, Croatia<\/em><\/div>\n<\/div>\n<div class=\"row\">\n<div class=\"col-1 bold-row\">15:30 &#8211; 15:50<\/div>\n<div class=\"col-2\"><a href=\"https:\/\/www.hah.hr\/en\/konferencija-2017\/program\/sto-znamo-o-gmo-a-sto-o-prirodnoj-hrani\/\" target=\"_blank\" rel=\"noopener noreferrer\"><strong>What do we know about GMOs, and what about natural food?<\/strong><\/a><br \/>\n<em>Ivan-Kre\u0161imir Svetec, PhD, Faculty of Food Technology and Biotechnology, University of Zagreb, Zagreb, Croatia<\/em><\/div>\n<\/div>\n<div class=\"row bold-row bg-row\">\n<div class=\"col-1\">15:50 &#8211; 16:50<\/div>\n<div class=\"col-2\"><strong class=\"hard-bijelo\">ROUND TABLE- DISCUSSION<\/strong><br \/>\n&#8211; Speakers of the Round table<br \/>\n&#8211; Prof. D. Sc. Vladimir Mr\u0161a, president of <a href=\"https:\/\/www.hah.hr\/en\/o-hah-u\/znanstveni-odbori\/odbor-za-hranu-i-hranu-za-zivotinje-koja-sadrzi-gmo\/\" target=\"_blank\" rel=\"noopener noreferrer\">Panel on Genetically Modified Food and Feed<\/a> of Croatian Food Agency<br \/>\n&#8211; Tanja Popovi\u0107 Filipovi\u0107, Association for Consumer Protection in Croatia<\/div>\n<\/div>\n<div class=\"row bold-row bg-row\">\n<div class=\"col-1\">16:50 &#8211; 17:00<\/div>\n<div class=\"col-2\"><strong class=\"hard-bijelo\">CONCLUSIONS AND CLOSURE OF THE FIRST DAY<\/strong><\/div>\n<\/div>\n<div class=\"row bg-headline\"><\/div>\n<\/div>\n<div id=\"dan-dva\">\n<div class=\"row bg-headline\"><strong>DAY 2 Tuesday, 17th October 2017<\/strong><\/div>\n<div class=\"row bold-row bg-row\" style=\"background-color: #eee; color: #7f7e7e;\">\n<div class=\"col-1\" style=\"background-color: #eee; color: #7f7e7e;\">08:30 \u2013 09:00<\/div>\n<div class=\"col-2\" style=\"background-color: #eee; color: #7f7e7e;\">REGISTRATION<\/div>\n<\/div>\n<div class=\"row bold-row bg-row\">\n<div class=\"col-1\">09:00 &#8211; 10:40<\/div>\n<div class=\"col-2\">1. SECTION: RISK COMMUNICATION AND INTERNATIONAL COOPERATION<br \/>\nModerator: <span style=\"font-weight: normal;\">Vlatka Buzjak Slu\u017eek, M. Sc., HAH<\/span><\/div>\n<\/div>\n<div class=\"row\">\n<div class=\"col-1 bold-row\">09:00 &#8211; 09:20<\/div>\n<div class=\"col-2\"><a href=\"https:\/\/www.hah.hr\/en\/konferencija-2017\/program\/rad-efsa-e-u-podrucju-komunikacije-rizikom\/\" target=\"_blank\" rel=\"noopener noreferrer\"><strong>EFSA&#8217;s work on communications<\/strong><\/a><br \/>\n<em>Stef Bronzwaer, MD, MPH, PhD, European Food Safety Authority (EFSA), Parma, Italy <\/em><\/div>\n<\/div>\n<div class=\"row\">\n<div class=\"col-1 bold-row\">09:20 &#8211; 09:40<\/div>\n<div class=\"col-2\"><a href=\"https:\/\/www.hah.hr\/en\/konferencija-2017\/program\/aktivnosti-u-podrucju-medunarodne-suradnje\/\" target=\"blank\"><strong>Activities in the field of international cooperation<\/strong><\/a><br \/>\n<em>Marina Deur, M.Sc., Ministry of Agriculture<\/em><\/div>\n<\/div>\n<div class=\"row\">\n<div class=\"col-1 bold-row\">09:40 &#8211; 10:00<\/div>\n<div class=\"col-2\"><a href=\"https:\/\/www.hah.hr\/en\/konferencija-2017\/program\/izgradnja-kapaciteta-procjene-rizika-vizija-buducnosti\/\" target=\"_blank\" rel=\"noopener noreferrer\"><strong>Risk Assessment Capacity Building \u2013 A vision for the future<\/strong><\/a><br \/>\n<em>Nicole Gollnick, PhD, Federal Institute for Risk Assessment &#8211; BfR, Berlin, Germany<\/em><\/div>\n<\/div>\n<div class=\"row\">\n<div class=\"col-1 bold-row\">10:00 &#8211; 10:20<\/div>\n<div class=\"col-2\"><a href=\"https:\/\/www.hah.hr\/en\/konferencija-2017\/program\/krizna-komunikacija-sto-ne-ciniti-za-vrijeme-krize\/\" target=\"_blank\" rel=\"noopener noreferrer\"><strong>Crisis communication: What (not) to do in times of crisis?<\/strong><\/a><br \/>\n<em>Sara Mikrut Vunjak, LL.M, Croatian Food Agency, Osijek, Croatia<\/em><\/div>\n<\/div>\n<div class=\"row bold-row bg-row\">\n<div class=\"col-1\">10:20 &#8211; 10:40<\/div>\n<div class=\"col-2\">DISCUSSION AND CONCLUSIONS<\/div>\n<\/div>\n<div class=\"row bold-row ikona kava\">\n<div class=\"col-1\">10:40 \u2013 11:00<\/div>\n<div class=\"col-2\">COFFEE BREAK<\/div>\n<\/div>\n<div class=\"row bold-row bg-row\">\n<div class=\"col-1\">11:00 &#8211; 13:00<\/div>\n<div class=\"col-2\">2. SECTION: NUTRITION SCIENCE IN RISK ASSESSMENT SERVICE<br \/>\nModerator: <span style=\"font-weight: normal;\">Assist. Prof. Ines Banjari, PhD, Faculty of Food Technology Osijek<\/span><\/div>\n<\/div>\n<div class=\"row\">\n<div class=\"col-1 bold-row\">11:00 &#8211; 11:20<\/div>\n<div class=\"col-2\"><a href=\"https:\/\/www.hah.hr\/konferencija-2017\/program\/alergije-porijeklom-iz-hrane-trenutno-stanje-i-izazovi-za-buducnost\/\" target=\"_blank\" rel=\"noopener noreferrer\"><strong>Food allergies \u2013 current status and future challenges<\/strong><\/a><br \/>\n<em>Mirjana Turkalj, M.D., Children\u2019s hospital Srebrnjak, Zagreb, Croatia<\/em><\/div>\n<\/div>\n<div class=\"row\">\n<div class=\"col-1 bold-row\">11:20 &#8211; 11:40<\/div>\n<div class=\"col-2\"><a href=\"https:\/\/www.hah.hr\/en\/konferencija-2017\/program\/prehrambene-navike-case-study-finska\/\" target=\"_blank\" rel=\"noopener noreferrer\"><strong>Food consumption- Case study: Finland<\/strong><\/a><br \/>\n<em>Liisa Valsta, PhD, National Institute for Health and Welfare, Helsinki, Finland<\/em><\/div>\n<\/div>\n<div class=\"row\">\n<div class=\"col-1 bold-row\">11:40 &#8211; 12:00<\/div>\n<div class=\"col-2\"><a href=\"https:\/\/www.hah.hr\/en\/konferencija-2017\/program\/trendovi-u-prehrani-i-prehrambenom-ponasanju\/\" target=\"_blank\" rel=\"noopener noreferrer\"><strong>Trends in nutrition and nutrition behavior<\/strong><\/a><br \/>\n<em>Assist. Prof. Irena Keser, PhD, Faculty of Food Technology and Biotechnology, Zagreb, Croatia<\/em><\/div>\n<\/div>\n<div class=\"row\">\n<div class=\"col-1 bold-row\">12:00 &#8211; 12:20<\/div>\n<div class=\"col-2\"><a href=\"https:\/\/www.hah.hr\/en\/konferencija-2017\/program\/eu-menu-prvo-hrvatsko-istrazivanje-prehrambenih-navika-dojencadi-i-male-djece\/\" target=\"_blank\" rel=\"noopener noreferrer\"><strong>EU Menu \u2013 The first Croatian study of food consumption of infants and young children <\/strong><\/a><br \/>\n<em>Darja Sokoli\u0107, PhD, Croatian Food Agency, Osijek, Croatia<\/em><\/div>\n<\/div>\n<div class=\"row\">\n<div class=\"col-1 bold-row\">12:20 &#8211; 12:40<\/div>\n<div class=\"col-2\"><a href=\"https:\/\/www.hah.hr\/en\/konferencija-2017\/program\/kako-izracunati-hranjive-vrijednosti-hrane-predstavljanje-vodica\/\" target=\"_blank\" rel=\"noopener noreferrer\"><strong>How to calculate nutrient content of food? Presentation of guidelines for food business operators<\/strong><\/a><br \/>\n<em>Prof. D. Sc. Daniela \u010ca\u010di\u0107 Kenjeri\u0107, Faculty of Food Technology, Osijek, Croatia<\/em><\/div>\n<\/div>\n<div class=\"row bold-row bg-row\">\n<div class=\"col-1\">12:40 &#8211; 13:00<\/div>\n<div class=\"col-2\">DISCUSSION AND CONCLUSIONS<\/div>\n<\/div>\n<div class=\"row bold-row ikona kava\">\n<div class=\"col-1\">13:00 \u2013 13:30<\/div>\n<div class=\"col-2\">COFFEE BREAK AND REFRESHMENT<\/div>\n<\/div>\n<div class=\"row bold-row bg-row\">\n<div class=\"col-1\">13:30 &#8211; 15:10<\/div>\n<div class=\"col-2\">3. SECTION: RISK ASSESSMENT &#8211; REVIEW OF PRACTICE<br \/>\nModerator: <span style=\"font-weight: normal;\">Jasenka Petri\u0107, M. Sc., HAH<\/span><\/div>\n<\/div>\n<div class=\"row\">\n<div class=\"col-1 bold-row\">13:30 &#8211; 13:50<\/div>\n<div class=\"col-2\"><a href=\"https:\/\/www.hah.hr\/en\/konferencija-2017\/program\/sigurnost-hrane-i-okolisna-procjena-rizika-put-naprijed\/\" target=\"_blank\" rel=\"noopener noreferrer\"><strong>Food safety and environmental risk assessment \u2013 way forward?<\/strong><\/a><br \/>\n<em>Danica Grahek Ogden, PhD, Norwegian Scientific Committee for Food Safety (VKM), Oslo, Norway<\/em><\/div>\n<\/div>\n<div class=\"row\">\n<div class=\"col-1 bold-row\">13:50 &#8211; 14:10<\/div>\n<div class=\"col-2\"><a href=\"http:\/\/www.hah.hr\/en\/konferencija-2017\/program\/procjena-rizika-od-s-infantis-u-mesu-brojlera\/\" target=\"_blank\" rel=\"noopener noreferrer\"><strong><em style=\"font-weight: bold;\">S. Infantis<\/em> Risk Assessment in Broiler Meat<\/strong><\/a><br \/>\n<em>Brigita Hengl, PhD, DVM, Croatian Food Agency, Osijek, Croatia<\/em><\/div>\n<\/div>\n<div class=\"row\">\n<div class=\"col-1 bold-row\">14:10 &#8211; 14:30<\/div>\n<div class=\"col-2\"><a href=\"https:\/\/www.hah.hr\/en\/konferencija-2017\/program\/molekularni-dokaz-protozoona-cryptosporidium-hominis-i-bicasa-giardia-duodenalis-u-uzojima-kamenica-ostrea-edulis-i-dagnji-mytilus-galloprovincialis-iz-hrvatske\/\" target=\"_blank\" rel=\"noopener noreferrer\"><strong>Molecular detection of <em style=\"font-weight: bold;\">Cryptosporidium hominis<\/em> and <em style=\"font-weight: bold;\">Giardia duodenalis<\/em> from Croatian commercial raised oysters (<em style=\"font-weight: bold;\">Ostrea edulis<\/em>) and mussels (<em style=\"font-weight: bold;\">Mytilus galloprovincialis<\/em><\/strong><\/a><br \/>\n<em>Relja Beck, PhD, Croatian Veterinary Institute, Zagreb, Croatia<\/em><\/div>\n<\/div>\n<div class=\"row\">\n<div class=\"col-1 bold-row\">14:30 &#8211; 14:50<\/div>\n<div class=\"col-2\"><a href=\"https:\/\/www.hah.hr\/en\/konferencija-2017\/program\/procjena-izlozenosti-konzumenata-u-hr-nitratima-iz-hrane\/\" target=\"_blank\" rel=\"noopener noreferrer\"><strong>Exposure assessment of nitrates from food for Croatian consumers<\/strong><\/a><br \/>\n<em>Vlatka Buzjak Slu\u017eek, M.Sc., Croatian Food Agency, Osijek, Croatia<\/em><\/div>\n<\/div>\n<div class=\"row bold-row bg-row\">\n<div class=\"col-1\">14:50 &#8211; 15:10<\/div>\n<div class=\"col-2\">DISCUSSION AND CONCLUSIONS<\/div>\n<\/div>\n<div class=\"row bold-row bg-row\">\n<div class=\"col-1\">15:10 &#8211; 15:30<\/div>\n<div class=\"col-2\">CLOSURE OF THE CONFERENCE<\/div>\n<\/div>\n<p><!--\n\n\n<div class=\"row bold-row ikona rucak\">\n\n\n<div class=\"col-1\">15:30<\/div>\n\n\n\n\n<div class=\"col-2\">Lunch<\/div>\n\n\n<\/div>\n\n\n--><\/p>\n<div class=\"row bg-headline\"><\/div>\n<\/div>\n<div style=\"text-align: center;\">Program konferencije mo\u017eete preuzeti <a class=\"preuzmi-program\" href=\"https:\/\/www.hah.hr\/wp-content\/uploads\/2017\/07\/Conference-programme.pdf\" target=\"_blank\">ovdje<\/a>.<\/div>\n<p><\/p>","protected":false},"excerpt":{"rendered":"","protected":false},"author":2,"featured_media":0,"parent":4517,"menu_order":2,"comment_status":"closed","ping_status":"closed","template":"konferencija-2017.php","meta":[],"_links":{"self":[{"href":"https:\/\/www.hah.hr\/en\/wp-json\/wp\/v2\/pages\/4521"}],"collection":[{"href":"https:\/\/www.hah.hr\/en\/wp-json\/wp\/v2\/pages"}],"about":[{"href":"https:\/\/www.hah.hr\/en\/wp-json\/wp\/v2\/types\/page"}],"author":[{"embeddable":true,"href":"https:\/\/www.hah.hr\/en\/wp-json\/wp\/v2\/users\/2"}],"replies":[{"embeddable":true,"href":"https:\/\/www.hah.hr\/en\/wp-json\/wp\/v2\/comments?post=4521"}],"version-history":[{"count":100,"href":"https:\/\/www.hah.hr\/en\/wp-json\/wp\/v2\/pages\/4521\/revisions"}],"predecessor-version":[{"id":5103,"href":"https:\/\/www.hah.hr\/en\/wp-json\/wp\/v2\/pages\/4521\/revisions\/5103"}],"up":[{"embeddable":true,"href":"https:\/\/www.hah.hr\/en\/wp-json\/wp\/v2\/pages\/4517"}],"wp:attachment":[{"href":"https:\/\/www.hah.hr\/en\/wp-json\/wp\/v2\/media?parent=4521"}],"curies":[{"name":"wp","href":"https:\/\/api.w.org\/{rel}","templated":true}]}}